{"id":10757,"date":"2024-11-23T21:33:57","date_gmt":"2024-11-23T21:33:57","guid":{"rendered":"https:\/\/www.upra.org\/es\/corsi\/programma\/diploma-de-especializacion-en-psicopedagogia-y-formacion-para-la-vida-consagrada-2\/"},"modified":"2026-04-14T07:17:42","modified_gmt":"2026-04-14T07:17:42","slug":"diploma-de-especializacion-en-psicopedagogia-y-formacion-para-la-vida-consagrada-2","status":"publish","type":"courses_degrees","link":"https:\/\/www.upra.org\/es\/corsi\/programma\/diploma-de-especializacion-en-psicopedagogia-y-formacion-para-la-vida-consagrada-2\/","title":{"rendered":"Diploma de especializaci\u00f3n en Psicopedagog\u00eda y Formaci\u00f3n para la Vida Consagrada"},"content":{"rendered":"","protected":false},"excerpt":{"rendered":"","protected":false},"featured_media":0,"parent":0,"menu_order":0,"template":"","courses_tag":[],"courses_levels":[47],"courses_types":[105],"courses_category":[],"courses_years":[],"departments":[110],"class_list":["post-10757","courses_degrees","type-courses_degrees","status-publish","hentry"],"acf":{"anno":"2026-2027","modalita":"Presencial - En l\u00ednea","durata":"50 ECTS","lingua":"Italiano","inizio_lezioni":"13\/02\/2027","brochure":"","brochure_aa":"","brochure_2":"","brochure_2_aa":"","iscrizione":"https:\/\/form.upra.org\/servizionline\/form\/Primomoduloammissione2022\/formperma\/DWsJy6PdxbjU1iw5Uv7SAJz9vLWfNfcGGX09J08Zqno\/?zf_lang=es&lang=Spagnolo&cvf=Voglio%20iscrivermi&P=Diploma%20di%20perfezionamento%20in%20Psicopedagogia%20e%20Formazione%20per%20la%20Vita%20Consacrata%202026-2027%202\u00b0%20semestre","data_fine_iscrizione":"","fine_lezioni":"29\/05\/2027","link_tasse_accademiche":"https:\/\/www.upra.org\/iscrizione\/tasse-accademiche\/issr\/","costo_iscrizione":"","retta_annuale":"500\u20ac","requisiti_ammissione":"","come_iscriverti":"","email":"","telefono":"","mobile":"","altri_programmi":"","prima_data_iscrizione_primo_semestre":"","prima_data_quota_agevolata_iscrizione_primo_semestre":"","seconda_data_iscrizione_primo_semestre":"","prima_data_iscrizione_secondo_semestre":"09\/11\/2026","prima_data_iscrizione_quota_agevolata_secondo_semestre":"","seconda_data_iscrizione_secondo_semestre":"15\/01\/2027","paragraph_repeater":[{"paragraph_title":"","paragraph_description":"<p data-start=\"81\" data-end=\"706\"><strong data-start=\"81\" data-end=\"170\">El Diploma de Perfeccionamiento en Psicopedagog\u00eda y Formaci\u00f3n para la Vida Consagrada<\/strong> est\u00e1 dise\u00f1ado para ofrecer una formaci\u00f3n interdisciplinar que integre aspectos teol\u00f3gicos, psicol\u00f3gicos y pedag\u00f3gicos. El programa acompa\u00f1a a religiosos y consagrados en una mejor comprensi\u00f3n de s\u00ed mismos, de las relaciones comunitarias y de los procesos formativos, con una atenci\u00f3n especial al equilibrio personal y a la maduraci\u00f3n espiritual. Gracias a la posibilidad de asistir presencialmente o en l\u00ednea, el curso es accesible tambi\u00e9n para quienes viven fuera de Roma, garantizando al mismo tiempo una formaci\u00f3n s\u00f3lida y pr\u00e1ctica.<\/p>\r\n<p data-start=\"81\" data-end=\"706\"><\/p>\r\n\r\n<h3 data-start=\"708\" data-end=\"1262\"><strong data-start=\"708\" data-end=\"732\">Objetivos formativos<\/strong><\/h3>\r\n<p data-start=\"708\" data-end=\"1262\">El recorrido formativo tiene como prop\u00f3sito favorecer una comprensi\u00f3n profunda de la persona humana y de la vocaci\u00f3n consagrada a la luz de la psicolog\u00eda y de la teolog\u00eda, ofreciendo herramientas para un acompa\u00f1amiento eficaz en los caminos de formaci\u00f3n y discernimiento. Asimismo, busca desarrollar competencias relacionales y pedag\u00f3gicas \u00fatiles para la vida comunitaria y la conducci\u00f3n de los procesos formativos, promoviendo una visi\u00f3n integral de la vida consagrada que sea capaz de unir espiritualidad y din\u00e1micas humanas.<\/p>\r\n<p data-start=\"708\" data-end=\"1262\"><\/p>\r\n\r\n<h3 data-start=\"1264\" data-end=\"1685\"><strong>Estructura del programa<\/strong><\/h3>\r\n<p data-start=\"1264\" data-end=\"1685\">El Diploma se desarrolla a lo largo de dos a\u00f1os (4 semestres), para un total de 50 ECTS. Cada semestre incluye un m\u00f3dulo de 10 ECTS, compuesto por tres asignaturas sobre tem\u00e1ticas espec\u00edficas. El estudiante puede comenzar el recorrido en cualquier semestre. Al finalizar los dos a\u00f1os se requiere la redacci\u00f3n de un trabajo escrito (4 ECTS).<br data-start=\"1634\" data-end=\"1637\" \/>Las \u00e1reas tem\u00e1ticas tratadas en los m\u00f3dulos son:<\/p>\r\n\r\n<ul data-start=\"1687\" data-end=\"1852\">\r\n \t<li data-start=\"1687\" data-end=\"1736\">\r\n<p data-start=\"1689\" data-end=\"1736\">Cuerpo y esp\u00edritu entre teolog\u00eda y psicolog\u00eda<\/p>\r\n<\/li>\r\n \t<li data-start=\"1737\" data-end=\"1774\">\r\n<p data-start=\"1739\" data-end=\"1774\">La persona consagrada en relaci\u00f3n<\/p>\r\n<\/li>\r\n \t<li data-start=\"1775\" data-end=\"1809\">\r\n<p data-start=\"1777\" data-end=\"1809\">Acompa\u00f1ar, discernir, integrar<\/p>\r\n<\/li>\r\n \t<li data-start=\"1810\" data-end=\"1852\">\r\n<p data-start=\"1812\" data-end=\"1852\">Vida consagrada en equilibrio din\u00e1mico<\/p>\r\n<\/li>\r\n<\/ul>\r\n<p data-start=\"1854\" data-end=\"1942\">Las clases se imparten los s\u00e1bados, de 08:45 a 15:30, con nueve encuentros por semestre.<\/p>\r\n<p data-start=\"1854\" data-end=\"1942\"><\/p>\r\n\r\n<h3 data-start=\"1944\" data-end=\"2041\"><strong>Requisitos de admisi\u00f3n<\/strong><\/h3>\r\n<p data-start=\"1944\" data-end=\"2041\">Se requiere una Licenciatura de Primer Ciclo (o t\u00edtulo equivalente).<\/p>\r\n<p data-start=\"1944\" data-end=\"2041\"><\/p>\r\n\r\n<h3 data-start=\"1944\" data-end=\"2041\"><strong>Detalles<\/strong><\/h3>\r\n<ul>\r\n \t<li data-start=\"1944\" data-end=\"2041\">Fechas: Las clases se imparten de octubre a mayo. Es posible iniciar en cualquier semestre.<\/li>\r\n \t<li data-start=\"1944\" data-end=\"2041\">Modalidad: Presencial o en l\u00ednea (en directo y tambi\u00e9n disponible en modalidad asincr\u00f3nica).<\/li>\r\n \t<li data-start=\"1944\" data-end=\"2041\">Metodolog\u00eda: Clases magistrales, seminarios, laboratorios, estudio personal, trabajo final escrito.<\/li>\r\n \t<li data-start=\"1944\" data-end=\"2041\">Cr\u00e9ditos formativos: 50 ECTS totales, incluidos 4 ECTS por el trabajo final.<\/li>\r\n \t<li data-start=\"1944\" data-end=\"2041\">Costo: \u20ac 500 anuales. Tarifa promocional de \u20ac 400 para quienes realicen el pago en un solo plazo antes del 18 de septiembre de 2025.<\/li>\r\n \t<li data-start=\"1944\" data-end=\"2041\">Carta del Docente: El curso est\u00e1 habilitado para el uso del bono \u201cCarta del Docente\u201d.<\/li>\r\n<\/ul>\r\n&nbsp;\r\n<h3 data-start=\"2662\" data-end=\"2696\"><strong data-start=\"2662\" data-end=\"2694\">Procedimiento de inscripci\u00f3n<\/strong><\/h3>\r\n<ol>\r\n \t<li data-start=\"2662\" data-end=\"2696\">Completa el formulario de contacto haciendo clic en el bot\u00f3n abajo.<\/li>\r\n \t<li data-start=\"2770\" data-end=\"2883\">\r\n<p data-start=\"2773\" data-end=\"2883\">Prepara los documentos requeridos (T\u00edtulo de estudios + foto tipo carn\u00e9 y copia del documento de identidad).<\/p>\r\n<\/li>\r\n \t<li data-start=\"2884\" data-end=\"2950\">\r\n<p data-start=\"2887\" data-end=\"2950\">Carga la documentaci\u00f3n en el formulario de admisi\u00f3n en l\u00ednea.<\/p>\r\n<\/li>\r\n \t<li data-start=\"2951\" data-end=\"3033\">\r\n<p data-start=\"2954\" data-end=\"3033\">Espera la confirmaci\u00f3n y sigue las instrucciones para completar la inscripci\u00f3n.<\/p>\r\n<\/li>\r\n<\/ol>\r\n&nbsp;\r\n<h3 data-start=\"2954\" data-end=\"3033\"><strong>Contacto<\/strong><\/h3>\r\n<p data-start=\"2954\" data-end=\"3033\">Para m\u00e1s informaci\u00f3n:<br data-start=\"3071\" data-end=\"3074\" \/>Email: <a class=\"cursor-pointer\" rel=\"noopener\" data-start=\"3081\" data-end=\"3099\">info.issr@upra.org<\/a><br data-start=\"3099\" data-end=\"3102\" \/>Tel\u00e9fono: +39 349 8168476<\/p>","paragraph_title_size":"small"}],"zoho_resource_id":"DI-SPF-A","zoho_resource_id_original":"DI-SPF-26A"},"_links":{"self":[{"href":"https:\/\/www.upra.org\/es\/wp-json\/wp\/v2\/courses_degrees\/10757","targetHints":{"allow":["GET"]}}],"collection":[{"href":"https:\/\/www.upra.org\/es\/wp-json\/wp\/v2\/courses_degrees"}],"about":[{"href":"https:\/\/www.upra.org\/es\/wp-json\/wp\/v2\/types\/courses_degrees"}],"wp:attachment":[{"href":"https:\/\/www.upra.org\/es\/wp-json\/wp\/v2\/media?parent=10757"}],"wp:term":[{"taxonomy":"courses_tag","embeddable":true,"href":"https:\/\/www.upra.org\/es\/wp-json\/wp\/v2\/courses_tag?post=10757"},{"taxonomy":"courses_levels","embeddable":true,"href":"https:\/\/www.upra.org\/es\/wp-json\/wp\/v2\/courses_levels?post=10757"},{"taxonomy":"courses_types","embeddable":true,"href":"https:\/\/www.upra.org\/es\/wp-json\/wp\/v2\/courses_types?post=10757"},{"taxonomy":"courses_category","embeddable":true,"href":"https:\/\/www.upra.org\/es\/wp-json\/wp\/v2\/courses_category?post=10757"},{"taxonomy":"courses_years","embeddable":true,"href":"https:\/\/www.upra.org\/es\/wp-json\/wp\/v2\/courses_years?post=10757"},{"taxonomy":"departments","embeddable":true,"href":"https:\/\/www.upra.org\/es\/wp-json\/wp\/v2\/departments?post=10757"}],"curies":[{"name":"wp","href":"https:\/\/api.w.org\/{rel}","templated":true}]}}