{"id":8970,"date":"2024-05-15T11:31:01","date_gmt":"2024-05-15T11:31:01","guid":{"rendered":"https:\/\/www.upra.org\/es\/corsi\/programma\/8970-2\/"},"modified":"2026-04-14T07:17:42","modified_gmt":"2026-04-14T07:17:42","slug":"curso-de-especializacion-en-neurobioetica","status":"publish","type":"courses_degrees","link":"https:\/\/www.upra.org\/es\/corsi\/programma\/curso-de-especializacion-en-neurobioetica\/","title":{"rendered":"Curso de especializaci\u00f3n en Neurobio\u00e9tica"},"content":{"rendered":"","protected":false},"excerpt":{"rendered":"","protected":false},"featured_media":0,"parent":0,"menu_order":0,"template":"","courses_tag":[],"courses_levels":[106],"courses_types":[105],"courses_category":[],"courses_years":[],"departments":[38],"class_list":["post-8970","courses_degrees","type-courses_degrees","status-publish","hentry"],"acf":{"anno":"2026-2027","modalita":"Presencial - En l\u00ednea","durata":"3 ECTS","lingua":"Italiano, Ingl\u00e9s","inizio_lezioni":"25\/09\/2026","brochure":"","brochure_aa":"","brochure_2":"","brochure_2_aa":"","iscrizione":"https:\/\/form.upra.org\/servizionline\/form\/Primomoduloammissione2022\/formperma\/DWsJy6PdxbjU1iw5Uv7SAJz9vLWfNfcGGX09J08Zqno\/?zf_lang=es&lang=Spagnolo&cvf=Voglio%20iscrivermi&P=Corso%20di%20Perfezionamento%20in%20Neurobioetica%202026-2027","data_fine_iscrizione":"","fine_lezioni":"18\/06\/2027","link_tasse_accademiche":"https:\/\/www.upra.org\/iscrizione\/tasse-accademiche\/facolta-di-filosofia\/","costo_iscrizione":"600\u20ac","retta_annuale":"","requisiti_ammissione":"","come_iscriverti":"","email":"","telefono":"","mobile":"","altri_programmi":"","prima_data_iscrizione_primo_semestre":"04\/05\/2026","prima_data_quota_agevolata_iscrizione_primo_semestre":"27\/11\/2026","seconda_data_iscrizione_primo_semestre":"31\/01\/2027","prima_data_iscrizione_secondo_semestre":"","prima_data_iscrizione_quota_agevolata_secondo_semestre":"","seconda_data_iscrizione_secondo_semestre":"","paragraph_repeater":[{"paragraph_title":"","paragraph_description":"<div id=\"model-response-message-contentr_912983a17a05c051\" class=\"markdown markdown-main-panel\" dir=\"ltr\">\r\n<h3 data-sourcepos=\"1:1-1:38\"><strong>X edici\u00f3n \u2013 Neuro\u00e9tica de la salud mental<\/strong><\/h3>\r\n<p data-start=\"47\" data-end=\"177\">La d\u00e9cima edici\u00f3n del <strong data-start=\"69\" data-end=\"116\">Curso de Perfeccionamiento en Neurobio\u00e9tica<\/strong> estar\u00e1 dedicada al tema <strong data-start=\"141\" data-end=\"176\">\u201cNeuro\u00e9tica de la salud mental\u201d<\/strong>.<\/p>\r\n<p data-start=\"179\" data-end=\"544\">Despu\u00e9s de a\u00f1os de investigaci\u00f3n interdisciplinaria sobre la relaci\u00f3n entre neurociencias, bio\u00e9tica, psiquiatr\u00eda, filosof\u00eda y policy, el <strong data-start=\"316\" data-end=\"365\">Grupo de Investigaci\u00f3n en Neurobio\u00e9tica (GdN)<\/strong> propone para el a\u00f1o acad\u00e9mico <strong data-start=\"396\" data-end=\"409\">2026\/2027<\/strong> un recorrido anual dedicado a las principales cuestiones \u00e9ticas, antropol\u00f3gicas, cl\u00ednicas y sociales relacionadas con la salud mental.<\/p>\r\n<p data-start=\"546\" data-end=\"1012\">El Curso tambi\u00e9n valoriza el di\u00e1logo internacional desarrollado con el <strong data-start=\"617\" data-end=\"682\">International College of Neuroethics and Neuroscience (ICONN)<\/strong> y las contribuciones cient\u00edficas m\u00e1s recientes surgidas en el marco de las colaboraciones editoriales del Grupo. Desde esta perspectiva, la salud mental se aborda no solo como una cuesti\u00f3n sanitaria, sino tambi\u00e9n como un punto de encuentro entre antropolog\u00eda, relacionalidad, derecho, pol\u00edtica sanitaria y responsabilidad social.<\/p>\r\n\r\n<\/div>\r\n&nbsp;\r\n<div id=\"model-response-message-contentr_912983a17a05c051\" class=\"markdown markdown-main-panel\" dir=\"ltr\">\r\n<h3 data-sourcepos=\"9:1-9:24\"><strong>Objetivos formativos<\/strong><\/h3>\r\n<p data-start=\"1040\" data-end=\"1443\">El Curso pretende ofrecer herramientas para comprender de manera rigurosa e interdisciplinaria los nuevos desaf\u00edos relacionados con la salud mental: la relaci\u00f3n entre mente, cerebro y persona; la vulnerabilidad ps\u00edquica; la libertad de decisi\u00f3n; la dignidad de la persona; el papel de la familia, la comunidad y las instituciones; y las implicaciones \u00e9ticas de las pr\u00e1cticas diagn\u00f3sticas y terap\u00e9uticas.<\/p>\r\n<p data-start=\"1445\" data-end=\"1700\">El enfoque ser\u00e1 interdisciplinario y pondr\u00e1 en di\u00e1logo las neurociencias, la psiquiatr\u00eda, la psicolog\u00eda, la filosof\u00eda, la bio\u00e9tica, el derecho, la antropolog\u00eda filos\u00f3fica y la teolog\u00eda, con especial atenci\u00f3n a la persona humana en su unidad y complejidad.<\/p>\r\n<p data-start=\"1445\" data-end=\"1700\"><\/p>\r\n\r\n<h3 data-sourcepos=\"11:1-11:576\"><strong>Estructura y modalidades de frecuencia<\/strong><\/h3>\r\n<p data-start=\"1749\" data-end=\"1911\">El Curso tiene una duraci\u00f3n anual (<strong data-start=\"1784\" data-end=\"1822\">septiembre de 2026 \u2013 junio de 2027<\/strong>), prev\u00e9 <strong data-start=\"1831\" data-end=\"1880\">10 encuentros mensuales de dos horas cada uno<\/strong> y otorga <strong data-start=\"1890\" data-end=\"1910\">10 cr\u00e9ditos ECTS<\/strong>.<\/p>\r\n<p data-start=\"1913\" data-end=\"2024\">Las clases se celebrar\u00e1n los <strong data-start=\"1942\" data-end=\"1984\">viernes por la tarde, de 17:00 a 19:00<\/strong>, y podr\u00e1n seguirse en tres modalidades:<\/p>\r\n\r\n<ul data-start=\"2026\" data-end=\"2118\">\r\n \t<li data-start=\"2026\" data-end=\"2042\"><strong data-start=\"2028\" data-end=\"2042\">presencial<\/strong><\/li>\r\n \t<li data-start=\"2043\" data-end=\"2079\"><strong data-start=\"2045\" data-end=\"2066\">online sincr\u00f3nica<\/strong> (en directo)<\/li>\r\n \t<li data-start=\"2080\" data-end=\"2118\"><strong data-start=\"2082\" data-end=\"2104\">online asincr\u00f3nica<\/strong> (en diferido)<\/li>\r\n<\/ul>\r\n<\/div>\r\n&nbsp;\r\n<h3 data-start=\"2120\" data-end=\"2134\"><strong data-start=\"2120\" data-end=\"2134\">Calendario<\/strong><\/h3>\r\n<p data-start=\"2136\" data-end=\"2194\"><strong data-start=\"2136\" data-end=\"2157\">Inicio del curso:<\/strong> viernes <strong data-start=\"2166\" data-end=\"2194\">25 de septiembre de 2026<\/strong><\/p>\r\n<p data-start=\"2196\" data-end=\"2361\"><strong data-start=\"2196\" data-end=\"2205\">2026:<\/strong> 25 de septiembre, 23 de octubre, 20 de noviembre, 18 de diciembre<br data-start=\"2271\" data-end=\"2274\" \/><strong data-start=\"2274\" data-end=\"2283\">2027:<\/strong> 22 de enero, 19 de febrero, 18 de marzo, 23 de abril, 21 de mayo, 18 de junio<\/p>\r\n\r\n<div id=\"model-response-message-contentr_912983a17a05c051\" class=\"markdown markdown-main-panel\" dir=\"ltr\">\r\n\r\n&nbsp;\r\n<h3><strong>Requisitos de admisi\u00f3n<\/strong><\/h3>\r\n<p data-start=\"2391\" data-end=\"2624\">El Curso est\u00e1 dirigido a <strong data-start=\"2416\" data-end=\"2518\">m\u00e9dicos, bioeticistas, fil\u00f3sofos, te\u00f3logos, juristas, economistas, formadores y agentes culturales<\/strong> interesados en profundizar en los nuevos escenarios de la neurobio\u00e9tica y las fronteras de la longevidad.<\/p>\r\n<p data-start=\"2626\" data-end=\"2821\">Para la inscripci\u00f3n se requiere poseer al menos el <strong data-start=\"2677\" data-end=\"2711\">t\u00edtulo de educaci\u00f3n secundaria<\/strong>. No est\u00e1 prevista una selecci\u00f3n, pero se requiere un <strong data-start=\"2765\" data-end=\"2791\">m\u00ednimo de 10 inscritos<\/strong> para la activaci\u00f3n del Curso.<\/p>\r\n\r\n<h3 data-sourcepos=\"29:1-29:32\"><\/h3>\r\n<h3 data-sourcepos=\"29:1-29:32\"><strong>Procedimiento de inscripci\u00f3n<\/strong><\/h3>\r\n<ol data-sourcepos=\"31:1-35:0\">\r\n \t<li data-sourcepos=\"31:1-31:86\">Rellena el <strong>formulario de contacto<\/strong> haciendo clic en el bot\u00f3n al final de la p\u00e1gina.<\/li>\r\n \t<li data-sourcepos=\"32:1-32:92\">Prepara los <strong>documentos<\/strong> requeridos (copia del t\u00edtulo de estudio, documento de identidad) y\u00a0 cargalos en el <strong>formulario de admisi\u00f3n<\/strong> online.<\/li>\r\n \t<li data-sourcepos=\"34:1-35:0\">Espera la confirmaci\u00f3n de la Secretar\u00eda General y sigue las instrucciones para completar el pago de inscripci\u00f3n<\/li>\r\n<\/ol>\r\n<h3 data-sourcepos=\"36:1-36:19\"><\/h3>\r\n<h3 data-sourcepos=\"36:1-36:19\"><strong>Costes y plazos<\/strong><\/h3>\r\n<ul data-sourcepos=\"38:1-41:0\">\r\n \t<li data-sourcepos=\"38:1-38:24\"><strong>Coste del curso<\/strong>: 600 \u20ac<\/li>\r\n \t<li data-sourcepos=\"39:1-39:92\"><strong>Inscripci\u00f3n con descuento<\/strong>: 500 \u20ac para quienes se inscriban antes del 27 de noviembre de 2026<\/li>\r\n \t<li data-sourcepos=\"40:1-41:0\"><strong>Inscripci\u00f3n a precio completo<\/strong>: hasta el 31 de enero de 2027<\/li>\r\n<\/ul>\r\n<h3 data-sourcepos=\"42:1-42:13\"><\/h3>\r\n<h3 data-sourcepos=\"42:1-42:13\"><strong>Contactos<\/strong><\/h3>\r\n<p data-sourcepos=\"44:1-44:48\">Para m\u00e1s informaci\u00f3n, contacta con: Renato Zeuli<\/p>\r\n<strong>Correo electr\u00f3nico<\/strong>: info.filosofia@upra.org\r\n<strong>M\u00f3vil<\/strong>: +39 3202461802\r\n\r\n<\/div>","paragraph_title_size":"small"}],"zoho_resource_id":"CV-NBI","zoho_resource_id_original":"CV-NBI-26"},"_links":{"self":[{"href":"https:\/\/www.upra.org\/es\/wp-json\/wp\/v2\/courses_degrees\/8970","targetHints":{"allow":["GET"]}}],"collection":[{"href":"https:\/\/www.upra.org\/es\/wp-json\/wp\/v2\/courses_degrees"}],"about":[{"href":"https:\/\/www.upra.org\/es\/wp-json\/wp\/v2\/types\/courses_degrees"}],"wp:attachment":[{"href":"https:\/\/www.upra.org\/es\/wp-json\/wp\/v2\/media?parent=8970"}],"wp:term":[{"taxonomy":"courses_tag","embeddable":true,"href":"https:\/\/www.upra.org\/es\/wp-json\/wp\/v2\/courses_tag?post=8970"},{"taxonomy":"courses_levels","embeddable":true,"href":"https:\/\/www.upra.org\/es\/wp-json\/wp\/v2\/courses_levels?post=8970"},{"taxonomy":"courses_types","embeddable":true,"href":"https:\/\/www.upra.org\/es\/wp-json\/wp\/v2\/courses_types?post=8970"},{"taxonomy":"courses_category","embeddable":true,"href":"https:\/\/www.upra.org\/es\/wp-json\/wp\/v2\/courses_category?post=8970"},{"taxonomy":"courses_years","embeddable":true,"href":"https:\/\/www.upra.org\/es\/wp-json\/wp\/v2\/courses_years?post=8970"},{"taxonomy":"departments","embeddable":true,"href":"https:\/\/www.upra.org\/es\/wp-json\/wp\/v2\/departments?post=8970"}],"curies":[{"name":"wp","href":"https:\/\/api.w.org\/{rel}","templated":true}]}}