{"id":1019,"date":"2023-07-13T08:47:39","date_gmt":"2023-07-13T08:47:39","guid":{"rendered":"https:\/\/www.upra.org\/es\/?page_id=1019"},"modified":"2024-03-20T08:33:48","modified_gmt":"2024-03-20T08:33:48","slug":"antiguos-alumnos","status":"publish","type":"page","link":"https:\/\/www.upra.org\/es\/comunidad-apra\/antiguos-alumnos\/","title":{"rendered":"Para nuestros antiguos alumnos"},"content":{"rendered":"<section class=\"block  navigation-with-button full-width\" \n            >\n\n      <div class=\"navigation-with-button__content cta-with-media pt-20 md:pt-0 md:pb-0 pb-0\" id=\"\" style=\"\">\n                    <div class=\"container overflow-hidden\" style=\"\">\n        <div\n          class=\"slider slider-disabled\"\n          data-slider-config='{\n            \"slidesPerView\": 1,\n            \"spaceBetween\": 0,\n            \"navigation\": {\n              \"nextEl\": \".block.navigation-with-button .swiper-button-next\",\n              \"prevEl\": \".block.navigation-with-button .swiper-button-prev\"\n            },\n            \"autoplay\": false,\n            \"loop\": false,\n            \"breakpoints\": {\n              \"768\": {\n                \"slidesPerView\": 1,\n                \"spaceBetween\": 16\n              },\n              \"992\": {\n                \"slidesPerView\": 1,\n                \"spaceBetween\": 16\n              }\n            }\n          }'\n          >\n          <div class=\"swiper-wrapper z-10 relative mt-0 mb-0 md:mb-20 noSlider\">\n                                        <div class=\"swiper-slide !h-auto\">\n                <article class=\"card-slide --cta-with-media cta-with-media primary fullwidth cta-with-media\" style=\"\">\n\n\n\n  <div class=\"card-slide__inner h-full flex flex-col justify-between \">\n    \n    <div class=\"card-slide__content h-full data-def basis-2\/3 self-center\">\n      <div class=\"pt-50 pr-20 pb-40 pl-20 md:pr-30 md:pl-30 h-full flex flex-col justify-between\">\n\n        \n        <div class=\"!mb-0\">\n                                <div class=\"card-slide__text font-normal font-400\"><p>Quienes han vivido la experiencia de estudiar en el Ateneo Pontificio Regina Apostolorum conocen el enorme <strong>valor educativo y humano que ofrece esta instituci\u00f3n universitaria.<\/strong><\/p>\n<p>Unirse a la Agrupaci\u00f3n de Antiguos Alumnos permite estrechar lazos e intercambiar experiencias con otros antiguos alumnos.<\/p>\n<p>Esta comunidad sigue manteniendo viva la red entre evangelizadores de la cultura para difundir el valor de una <strong>experiencia cat\u00f3lica compartida.<\/strong><\/p>\n<\/div>\n          \n                            <\/div>\n\n                  <div><\/div>\n              <\/div>\n    <\/div>\n\n          <div class=\"card-slide__visual relative\">\n        <div>\n          <div\n  class=\"image   --is-png \"\n   data-defer >\n  <figure>\n    <div class=\"image__wrapper\">\n              <picture>\n          \n          <source\n            srcset=\"\"\n            sizes=\"(min-width: 992px) 740px, (min-width: 768px) 680px, 100vw\"\n          \/>\n          <img decoding=\"async\" src=\"https:\/\/www.upra.org\/app\/uploads\/sites\/5\/2023\/09\/Alumni.png\" width=\"\" height=\"\" alt=\"Alumni\">\n        <\/picture>\n          <\/div>\n      <\/figure>\n<\/div>\n        <\/div>\n      <\/div>\n    \n  <\/div>\n<\/article>\n              <\/div>\n                      <\/div>\n        <\/div>\n      <\/div>\n      <\/div>\n\n  <\/section>\n\n\n\n<section class=\"block  testimonials-binder full-width\" \n            >\n\n      <div class=\"testimonials-binder__content pt-80 pb-40\" id=\"\" style=\"background-color: #f2f3f5\">\n    <div class=\"container flex flex-row justify-between items-stretch md:items-end gap-0 md:gap-30 intro_title\">\n      <div class=\"basis-3\/3 md:basis-2\/3 pl-0 md:pr-20 col_sx text-left\">\n                            <h2 class=\"s40 font-500 text-primary\">Noticias y testimonios de nuestros antiguos alumnos<\/h2>\n              <\/div>\n      <div class=\"basis-0\/3 md:basis-1\/3 pr-20 col_dx\">\n\n      <\/div>\n    <\/div>\n    <div class=\"container flex flex-row justify-between items-stretch md:items-end gap-0 md:gap-30 intro_text full-width\">\n      <div class=\"basis-3\/3 md:basis-2\/3 pr-0 md:pl-0 md:pr-20 col_sx text-left\">\n        <p class=\"s18 text-secondary mt-20\"><p>Escuchamos las historias de quienes han elegido el APRA para su desarrollo acad\u00e9mico y personal. <\/p>\n<\/p>      <\/div>\n      <div class=\"basis-0\/3 md:basis-1\/3 pr-20 col_dx\">\n                <div class=\"navigation relative z-20 text-right pb-4 \">\n          <div class=\"swiper-button-prev inline-block\"><i class=\"fa-solid fa-angle-left text-primary\"><\/i><\/div>\n          <div class=\"swiper-button-next inline-block\"><i class=\"fa-solid fa-angle-right text-primary\"><\/i><\/div>\n        <\/div>\n      <\/div>\n    <\/div>\n                <div class=\"container overflow-hidden pl-20 pr-20 md:pl-0 md:pr-0\">\n        <div\n          class=\"slider slider-disabled\"\n          data-slider-config='{\n            \"slidesPerView\": 1.1,\n            \"spaceBetween\": 10,\n            \"navigation\": {\n              \"nextEl\": \".block.testimonials-binder .swiper-button-next\",\n              \"prevEl\": \".block.testimonials-binder .swiper-button-prev\"\n            },\n            \"autoplay\": false,\n            \"loop\": false,\n            \"breakpoints\": {\n              \"768\": {\n                \"slidesPerView\": 3,\n                \"spaceBetween\": 16\n              },\n              \"992\": {\n                \"slidesPerView\": 3,\n                \"spaceBetween\": 16\n              }\n            }\n          }'\n          >\n          <div class=\"swiper-wrapper z-10 relative mt-40 mb-40\">\n                                        <div class=\"swiper-slide !h-auto\">\n                <article class=\"card --testimonials h-full testimonials \">\n      <a href=\"https:\/\/www.upra.org\/es\/testimonials\/carolina-miquel-chilena-que-actualmente-desarrolla-su-labor-pastoral-en-argentina\/\" target=\"_self\"  title=\"Carolina Miquel, chilena que actualmente desarrolla su labor\u2026\" ><\/a>\n    <div class=\"card__inner flex flex-col h-full\">\n    <div class=\"card__visual relative basis-1\/3\">\n              <div>\n          <div\n  class=\"image bg-cover  --is-jpg \"\n   data-defer >\n  <figure>\n    <div class=\"image__wrapper\">\n              <picture>\n          \n          <source\n            srcset=\"\"\n            sizes=\"(min-width: 992px) 740px, (min-width: 768px) 680px, 100vw\"\n          \/>\n          <img decoding=\"async\" src=\"https:\/\/www.upra.org\/app\/uploads\/sites\/5\/2025\/07\/Carolina-Miquelb.jpg\" width=\"\" height=\"\" alt=\"Carolina Miquelb\">\n        <\/picture>\n          <\/div>\n      <\/figure>\n<\/div>\n        <\/div>\n          <\/div>\n    <div class=\"card__content basis-2\/3 data-def\">\n      <div class=\"pl-14 md:pl-20 pr-20 pt-5 md:pt-10\">\n        <div class=\"date pb-5\">\n  <p class=\"date s14 text-primary\">\n        10 julio 2025\n      <\/p>\n<\/div>\n                  <h3 class=\"card__title font-medium font-500\">Carolina Miquel, chilena que actualmente desarrolla su labor\u2026<\/h3>\n                        \n                  <div class=\"mt-10\">\n            <a href=https:\/\/www.upra.org\/es\/testimonials\/carolina-miquel-chilena-que-actualmente-desarrolla-su-labor-pastoral-en-argentina\/   title=\"Leer su historia\"  class=\"button   \">\n    <span class=\"button__label\">Leer su historia<\/span>\n      <span class=\"button__icon icon-arrow\">\n      <svg xmlns=\"http:\/\/www.w3.org\/2000\/svg\" width=\"35\" height=\"12.828\" viewBox=\"0 0 35 12.828\">\n  <g id=\"Icon_feather-arrow-right\" data-name=\"Icon feather-arrow-right\" transform=\"translate(16.5 -6.086)\">\n    <path id=\"Tracciato_346\" data-name=\"Tracciato 346\" d=\"M7.5,18h33\" transform=\"translate(-23 -5.5)\" fill=\"none\" stroke=\"#171717\" stroke-linecap=\"round\" stroke-linejoin=\"round\" stroke-width=\"2\"\/>\n    <path id=\"Tracciato_347\" data-name=\"Tracciato 347\" d=\"M18,7.5l5,5-5,5\" transform=\"translate(-5.5 0)\" fill=\"none\" stroke=\"#171717\" stroke-linecap=\"round\" stroke-linejoin=\"round\" stroke-width=\"2\"\/>\n  <\/g>\n<\/svg>\n\n    <\/span>\n  <\/a>\n          <\/div>\n              <\/div>\n\n    <\/div>\n  <\/div>\n<\/article>\n              <\/div>\n                                        <div class=\"swiper-slide !h-auto\">\n                <article class=\"card --testimonials h-full testimonials \">\n      <a href=\"https:\/\/www.upra.org\/es\/testimonials\/tour2france-2025\/\" target=\"_self\"  title=\"Tour2France 2025\" ><\/a>\n    <div class=\"card__inner flex flex-col h-full\">\n    <div class=\"card__visual relative basis-1\/3\">\n              <div>\n          <div\n  class=\"image bg-cover  --is-jpg \"\n   data-defer >\n  <figure>\n    <div class=\"image__wrapper\">\n              <picture>\n          \n          <source\n            srcset=\"\"\n            sizes=\"(min-width: 992px) 740px, (min-width: 768px) 680px, 100vw\"\n          \/>\n          <img decoding=\"async\" src=\"https:\/\/www.upra.org\/app\/uploads\/sites\/5\/2025\/07\/Immagine-WhatsApp-2025-07-01-ore-11.55.13_b6240f1f.jpg\" width=\"\" height=\"\" alt=\"Immagine WhatsApp 2025-07-01 ore 11.55.13_b6240f1f\">\n        <\/picture>\n          <\/div>\n      <\/figure>\n<\/div>\n        <\/div>\n          <\/div>\n    <div class=\"card__content basis-2\/3 data-def\">\n      <div class=\"pl-14 md:pl-20 pr-20 pt-5 md:pt-10\">\n        <div class=\"date pb-5\">\n  <p class=\"date s14 text-primary\">\n        01 julio 2025\n      <\/p>\n<\/div>\n                  <h3 class=\"card__title font-medium font-500\">Tour2France 2025<\/h3>\n                        \n                  <div class=\"mt-10\">\n            <a href=https:\/\/www.upra.org\/es\/testimonials\/tour2france-2025\/   title=\"Leer su historia\"  class=\"button   \">\n    <span class=\"button__label\">Leer su historia<\/span>\n      <span class=\"button__icon icon-arrow\">\n      <svg xmlns=\"http:\/\/www.w3.org\/2000\/svg\" width=\"35\" height=\"12.828\" viewBox=\"0 0 35 12.828\">\n  <g id=\"Icon_feather-arrow-right\" data-name=\"Icon feather-arrow-right\" transform=\"translate(16.5 -6.086)\">\n    <path id=\"Tracciato_346\" data-name=\"Tracciato 346\" d=\"M7.5,18h33\" transform=\"translate(-23 -5.5)\" fill=\"none\" stroke=\"#171717\" stroke-linecap=\"round\" stroke-linejoin=\"round\" stroke-width=\"2\"\/>\n    <path id=\"Tracciato_347\" data-name=\"Tracciato 347\" d=\"M18,7.5l5,5-5,5\" transform=\"translate(-5.5 0)\" fill=\"none\" stroke=\"#171717\" stroke-linecap=\"round\" stroke-linejoin=\"round\" stroke-width=\"2\"\/>\n  <\/g>\n<\/svg>\n\n    <\/span>\n  <\/a>\n          <\/div>\n              <\/div>\n\n    <\/div>\n  <\/div>\n<\/article>\n              <\/div>\n                                        <div class=\"swiper-slide !h-auto\">\n                <article class=\"card --testimonials h-full testimonials \">\n      <a href=\"https:\/\/www.upra.org\/es\/testimonials\/mons-wilder-alberto-vasquez-saldana-nombrado-obispo-prelado-de-la-prelatura-territorial-de-chuquibambilla-en-peru\/\" target=\"_self\"  title=\"Mons. Wilder Alberto V\u00e1squez Salda\u00f1a nombrado Obispo \u2026\" ><\/a>\n    <div class=\"card__inner flex flex-col h-full\">\n    <div class=\"card__visual relative basis-1\/3\">\n              <div>\n          <div\n  class=\"image bg-cover  --is-jpg \"\n   data-defer >\n  <figure>\n    <div class=\"image__wrapper\">\n              <picture>\n          \n          <source\n            srcset=\"\"\n            sizes=\"(min-width: 992px) 740px, (min-width: 768px) 680px, 100vw\"\n          \/>\n          <img decoding=\"async\" src=\"https:\/\/www.upra.org\/app\/uploads\/sites\/5\/2025\/04\/Wilder-Alberto-Vasquez-Saldana-e1745925037118.jpg\" width=\"\" height=\"\" alt=\"Wilder Alberto Vasquez Salda\u00f1a\">\n        <\/picture>\n          <\/div>\n      <\/figure>\n<\/div>\n        <\/div>\n          <\/div>\n    <div class=\"card__content basis-2\/3 data-def\">\n      <div class=\"pl-14 md:pl-20 pr-20 pt-5 md:pt-10\">\n        <div class=\"date pb-5\">\n  <p class=\"date s14 text-primary\">\n        29 abril 2025\n      <\/p>\n<\/div>\n                  <h3 class=\"card__title font-medium font-500\">Mons. Wilder Alberto V\u00e1squez Salda\u00f1a nombrado Obispo \u2026<\/h3>\n                        \n                  <div class=\"mt-10\">\n            <a href=https:\/\/www.upra.org\/es\/testimonials\/mons-wilder-alberto-vasquez-saldana-nombrado-obispo-prelado-de-la-prelatura-territorial-de-chuquibambilla-en-peru\/   title=\"Leer su historia\"  class=\"button   \">\n    <span class=\"button__label\">Leer su historia<\/span>\n      <span class=\"button__icon icon-arrow\">\n      <svg xmlns=\"http:\/\/www.w3.org\/2000\/svg\" width=\"35\" height=\"12.828\" viewBox=\"0 0 35 12.828\">\n  <g id=\"Icon_feather-arrow-right\" data-name=\"Icon feather-arrow-right\" transform=\"translate(16.5 -6.086)\">\n    <path id=\"Tracciato_346\" data-name=\"Tracciato 346\" d=\"M7.5,18h33\" transform=\"translate(-23 -5.5)\" fill=\"none\" stroke=\"#171717\" stroke-linecap=\"round\" stroke-linejoin=\"round\" stroke-width=\"2\"\/>\n    <path id=\"Tracciato_347\" data-name=\"Tracciato 347\" d=\"M18,7.5l5,5-5,5\" transform=\"translate(-5.5 0)\" fill=\"none\" stroke=\"#171717\" stroke-linecap=\"round\" stroke-linejoin=\"round\" stroke-width=\"2\"\/>\n  <\/g>\n<\/svg>\n\n    <\/span>\n  <\/a>\n          <\/div>\n              <\/div>\n\n    <\/div>\n  <\/div>\n<\/article>\n              <\/div>\n                                        <div class=\"swiper-slide !h-auto\">\n                <article class=\"card --testimonials h-full testimonials \">\n      <a href=\"https:\/\/www.upra.org\/es\/testimonials\/soy-hilda-luiza-marques-guidi-originaria-de-brasil\/\" target=\"_self\"  title=\"Soy Hilda Luiza Marques Guidi, originaria de Brasil\" ><\/a>\n    <div class=\"card__inner flex flex-col h-full\">\n    <div class=\"card__visual relative basis-1\/3\">\n              <div>\n          <div\n  class=\"image bg-cover  --is-jpeg \"\n   data-defer >\n  <figure>\n    <div class=\"image__wrapper\">\n              <picture>\n          \n          <source\n            srcset=\"\"\n            sizes=\"(min-width: 992px) 740px, (min-width: 768px) 680px, 100vw\"\n          \/>\n          <img decoding=\"async\" src=\"https:\/\/www.upra.org\/app\/uploads\/sites\/5\/2025\/04\/Hilda-Guidi-foto-scaled-e1745491773601.jpeg\" width=\"\" height=\"\" alt=\"Hilda Guidi foto\">\n        <\/picture>\n          <\/div>\n      <\/figure>\n<\/div>\n        <\/div>\n          <\/div>\n    <div class=\"card__content basis-2\/3 data-def\">\n      <div class=\"pl-14 md:pl-20 pr-20 pt-5 md:pt-10\">\n        <div class=\"date pb-5\">\n  <p class=\"date s14 text-primary\">\n        24 abril 2025\n      <\/p>\n<\/div>\n                  <h3 class=\"card__title font-medium font-500\">Soy Hilda Luiza Marques Guidi, originaria de Brasil<\/h3>\n                        \n                  <div class=\"mt-10\">\n            <a href=https:\/\/www.upra.org\/es\/testimonials\/soy-hilda-luiza-marques-guidi-originaria-de-brasil\/   title=\"Leer su historia\"  class=\"button   \">\n    <span class=\"button__label\">Leer su historia<\/span>\n      <span class=\"button__icon icon-arrow\">\n      <svg xmlns=\"http:\/\/www.w3.org\/2000\/svg\" width=\"35\" height=\"12.828\" viewBox=\"0 0 35 12.828\">\n  <g id=\"Icon_feather-arrow-right\" data-name=\"Icon feather-arrow-right\" transform=\"translate(16.5 -6.086)\">\n    <path id=\"Tracciato_346\" data-name=\"Tracciato 346\" d=\"M7.5,18h33\" transform=\"translate(-23 -5.5)\" fill=\"none\" stroke=\"#171717\" stroke-linecap=\"round\" stroke-linejoin=\"round\" stroke-width=\"2\"\/>\n    <path id=\"Tracciato_347\" data-name=\"Tracciato 347\" d=\"M18,7.5l5,5-5,5\" transform=\"translate(-5.5 0)\" fill=\"none\" stroke=\"#171717\" stroke-linecap=\"round\" stroke-linejoin=\"round\" stroke-width=\"2\"\/>\n  <\/g>\n<\/svg>\n\n    <\/span>\n  <\/a>\n          <\/div>\n              <\/div>\n\n    <\/div>\n  <\/div>\n<\/article>\n              <\/div>\n                                        <div class=\"swiper-slide !h-auto\">\n                <article class=\"card --testimonials h-full testimonials \">\n      <a href=\"https:\/\/www.upra.org\/es\/testimonials\/monica-de-mattos-la-importancia-de-transmitirles-con-jovenes-un-mensaje-claro-y-esperanzador\/\" target=\"_self\"  title=\"Monica de Mattos, la importancia de transmitirles con \u2026\" ><\/a>\n    <div class=\"card__inner flex flex-col h-full\">\n    <div class=\"card__visual relative basis-1\/3\">\n              <div>\n          <div\n  class=\"image bg-cover  --is-jpg \"\n   data-defer >\n  <figure>\n    <div class=\"image__wrapper\">\n              <picture>\n          \n          <source\n            srcset=\"\"\n            sizes=\"(min-width: 992px) 740px, (min-width: 768px) 680px, 100vw\"\n          \/>\n          <img decoding=\"async\" src=\"https:\/\/www.upra.org\/app\/uploads\/sites\/5\/2025\/03\/Monica-de-Mattos-foto-scaled.jpg\" width=\"\" height=\"\" alt=\"Monica de Mattos foto\">\n        <\/picture>\n          <\/div>\n      <\/figure>\n<\/div>\n        <\/div>\n          <\/div>\n    <div class=\"card__content basis-2\/3 data-def\">\n      <div class=\"pl-14 md:pl-20 pr-20 pt-5 md:pt-10\">\n        <div class=\"date pb-5\">\n  <p class=\"date s14 text-primary\">\n        18 marzo 2025\n      <\/p>\n<\/div>\n                  <h3 class=\"card__title font-medium font-500\">Monica de Mattos, la importancia de transmitirles con \u2026<\/h3>\n                        \n                  <div class=\"mt-10\">\n            <a href=https:\/\/www.upra.org\/es\/testimonials\/monica-de-mattos-la-importancia-de-transmitirles-con-jovenes-un-mensaje-claro-y-esperanzador\/   title=\"Leer su historia\"  class=\"button   \">\n    <span class=\"button__label\">Leer su historia<\/span>\n      <span class=\"button__icon icon-arrow\">\n      <svg xmlns=\"http:\/\/www.w3.org\/2000\/svg\" width=\"35\" height=\"12.828\" viewBox=\"0 0 35 12.828\">\n  <g id=\"Icon_feather-arrow-right\" data-name=\"Icon feather-arrow-right\" transform=\"translate(16.5 -6.086)\">\n    <path id=\"Tracciato_346\" data-name=\"Tracciato 346\" d=\"M7.5,18h33\" transform=\"translate(-23 -5.5)\" fill=\"none\" stroke=\"#171717\" stroke-linecap=\"round\" stroke-linejoin=\"round\" stroke-width=\"2\"\/>\n    <path id=\"Tracciato_347\" data-name=\"Tracciato 347\" d=\"M18,7.5l5,5-5,5\" transform=\"translate(-5.5 0)\" fill=\"none\" stroke=\"#171717\" stroke-linecap=\"round\" stroke-linejoin=\"round\" stroke-width=\"2\"\/>\n  <\/g>\n<\/svg>\n\n    <\/span>\n  <\/a>\n          <\/div>\n              <\/div>\n\n    <\/div>\n  <\/div>\n<\/article>\n              <\/div>\n                                        <div class=\"swiper-slide !h-auto\">\n                <article class=\"card --testimonials h-full testimonials \">\n      <a href=\"https:\/\/www.upra.org\/es\/testimonials\/karina-ulitz-los-estudios-en-ciencias-religiosas-han-contribuido-a-mi-crecimiento-en-la-fe-y-mi-vida-espiritual\/\" target=\"_self\"  title=\"Karina Ulitz: Los estudios en Ciencias Religiosas han \u2026\" ><\/a>\n    <div class=\"card__inner flex flex-col h-full\">\n    <div class=\"card__visual relative basis-1\/3\">\n              <div>\n          <div\n  class=\"image bg-cover  --is-png \"\n   data-defer >\n  <figure>\n    <div class=\"image__wrapper\">\n              <picture>\n          \n          <source\n            srcset=\"\"\n            sizes=\"(min-width: 992px) 740px, (min-width: 768px) 680px, 100vw\"\n          \/>\n          <img decoding=\"async\" src=\"https:\/\/www.upra.org\/app\/uploads\/sites\/5\/2025\/02\/Foto-Karina-Uitz-APRA-e1740649935342.png\" width=\"\" height=\"\" alt=\"Foto Karina Uitz APRA\">\n        <\/picture>\n          <\/div>\n      <\/figure>\n<\/div>\n        <\/div>\n          <\/div>\n    <div class=\"card__content basis-2\/3 data-def\">\n      <div class=\"pl-14 md:pl-20 pr-20 pt-5 md:pt-10\">\n        <div class=\"date pb-5\">\n  <p class=\"date s14 text-primary\">\n        27 febrero 2025\n      <\/p>\n<\/div>\n                  <h3 class=\"card__title font-medium font-500\">Karina Ulitz: Los estudios en Ciencias Religiosas han \u2026<\/h3>\n                        \n                  <div class=\"mt-10\">\n            <a href=https:\/\/www.upra.org\/es\/testimonials\/karina-ulitz-los-estudios-en-ciencias-religiosas-han-contribuido-a-mi-crecimiento-en-la-fe-y-mi-vida-espiritual\/   title=\"Leer su historia\"  class=\"button   \">\n    <span class=\"button__label\">Leer su historia<\/span>\n      <span class=\"button__icon icon-arrow\">\n      <svg xmlns=\"http:\/\/www.w3.org\/2000\/svg\" width=\"35\" height=\"12.828\" viewBox=\"0 0 35 12.828\">\n  <g id=\"Icon_feather-arrow-right\" data-name=\"Icon feather-arrow-right\" transform=\"translate(16.5 -6.086)\">\n    <path id=\"Tracciato_346\" data-name=\"Tracciato 346\" d=\"M7.5,18h33\" transform=\"translate(-23 -5.5)\" fill=\"none\" stroke=\"#171717\" stroke-linecap=\"round\" stroke-linejoin=\"round\" stroke-width=\"2\"\/>\n    <path id=\"Tracciato_347\" data-name=\"Tracciato 347\" d=\"M18,7.5l5,5-5,5\" transform=\"translate(-5.5 0)\" fill=\"none\" stroke=\"#171717\" stroke-linecap=\"round\" stroke-linejoin=\"round\" stroke-width=\"2\"\/>\n  <\/g>\n<\/svg>\n\n    <\/span>\n  <\/a>\n          <\/div>\n              <\/div>\n\n    <\/div>\n  <\/div>\n<\/article>\n              <\/div>\n                                        <div class=\"swiper-slide !h-auto\">\n                <article class=\"card --testimonials h-full testimonials \">\n      <a href=\"https:\/\/www.upra.org\/es\/testimonials\/fabiano-nigris-nombrado-presidente-del-nuevo-comite-de-etica-de-la-practica-clinica\/\" target=\"_self\"  title=\"Fabiano Nigris nombrado Presidente del nuevo Comit\u00e9 de \u2026\" ><\/a>\n    <div class=\"card__inner flex flex-col h-full\">\n    <div class=\"card__visual relative basis-1\/3\">\n              <div>\n          <div\n  class=\"image bg-cover  --is-jpg \"\n   data-defer >\n  <figure>\n    <div class=\"image__wrapper\">\n              <picture>\n          \n          <source\n            srcset=\"\"\n            sizes=\"(min-width: 992px) 740px, (min-width: 768px) 680px, 100vw\"\n          \/>\n          <img decoding=\"async\" src=\"https:\/\/www.upra.org\/app\/uploads\/sites\/5\/2025\/02\/Nigris-1.jpg\" width=\"\" height=\"\" alt=\"Nigris-1\">\n        <\/picture>\n          <\/div>\n      <\/figure>\n<\/div>\n        <\/div>\n          <\/div>\n    <div class=\"card__content basis-2\/3 data-def\">\n      <div class=\"pl-14 md:pl-20 pr-20 pt-5 md:pt-10\">\n        <div class=\"date pb-5\">\n  <p class=\"date s14 text-primary\">\n        11 febrero 2025\n      <\/p>\n<\/div>\n                  <h3 class=\"card__title font-medium font-500\">Fabiano Nigris nombrado Presidente del nuevo Comit\u00e9 de \u2026<\/h3>\n                        \n                  <div class=\"mt-10\">\n            <a href=https:\/\/www.upra.org\/es\/testimonials\/fabiano-nigris-nombrado-presidente-del-nuevo-comite-de-etica-de-la-practica-clinica\/   title=\"Leer su historia\"  class=\"button   \">\n    <span class=\"button__label\">Leer su historia<\/span>\n      <span class=\"button__icon icon-arrow\">\n      <svg xmlns=\"http:\/\/www.w3.org\/2000\/svg\" width=\"35\" height=\"12.828\" viewBox=\"0 0 35 12.828\">\n  <g id=\"Icon_feather-arrow-right\" data-name=\"Icon feather-arrow-right\" transform=\"translate(16.5 -6.086)\">\n    <path id=\"Tracciato_346\" data-name=\"Tracciato 346\" d=\"M7.5,18h33\" transform=\"translate(-23 -5.5)\" fill=\"none\" stroke=\"#171717\" stroke-linecap=\"round\" stroke-linejoin=\"round\" stroke-width=\"2\"\/>\n    <path id=\"Tracciato_347\" data-name=\"Tracciato 347\" d=\"M18,7.5l5,5-5,5\" transform=\"translate(-5.5 0)\" fill=\"none\" stroke=\"#171717\" stroke-linecap=\"round\" stroke-linejoin=\"round\" stroke-width=\"2\"\/>\n  <\/g>\n<\/svg>\n\n    <\/span>\n  <\/a>\n          <\/div>\n              <\/div>\n\n    <\/div>\n  <\/div>\n<\/article>\n              <\/div>\n                                        <div class=\"swiper-slide !h-auto\">\n                <article class=\"card --testimonials h-full testimonials \">\n      <a href=\"https:\/\/www.upra.org\/es\/testimonials\/pilgrins-of-hope-in-the-holy-land\/\" target=\"_self\"  title=\"Pilgrins of Hope in the Holy Land\" ><\/a>\n    <div class=\"card__inner flex flex-col h-full\">\n    <div class=\"card__visual relative basis-1\/3\">\n              <div>\n          <div\n  class=\"image bg-cover  --is-jpg \"\n   data-defer >\n  <figure>\n    <div class=\"image__wrapper\">\n              <picture>\n          \n          <source\n            srcset=\"\"\n            sizes=\"(min-width: 992px) 740px, (min-width: 768px) 680px, 100vw\"\n          \/>\n          <img decoding=\"async\" src=\"https:\/\/www.upra.org\/app\/uploads\/sites\/5\/2025\/02\/Pilgrims-of-Hope-in-the-Holy-Land-2025-1.jpg\" width=\"\" height=\"\" alt=\"Pilgrims of Hope in the Holy Land 2025\">\n        <\/picture>\n          <\/div>\n      <\/figure>\n<\/div>\n        <\/div>\n          <\/div>\n    <div class=\"card__content basis-2\/3 data-def\">\n      <div class=\"pl-14 md:pl-20 pr-20 pt-5 md:pt-10\">\n        <div class=\"date pb-5\">\n  <p class=\"date s14 text-primary\">\n        06 febrero 2025\n      <\/p>\n<\/div>\n                  <h3 class=\"card__title font-medium font-500\">Pilgrins of Hope in the Holy Land<\/h3>\n                        \n                  <div class=\"mt-10\">\n            <a href=https:\/\/www.upra.org\/es\/testimonials\/pilgrins-of-hope-in-the-holy-land\/   title=\"Leer su historia\"  class=\"button   \">\n    <span class=\"button__label\">Leer su historia<\/span>\n      <span class=\"button__icon icon-arrow\">\n      <svg xmlns=\"http:\/\/www.w3.org\/2000\/svg\" width=\"35\" height=\"12.828\" viewBox=\"0 0 35 12.828\">\n  <g id=\"Icon_feather-arrow-right\" data-name=\"Icon feather-arrow-right\" transform=\"translate(16.5 -6.086)\">\n    <path id=\"Tracciato_346\" data-name=\"Tracciato 346\" d=\"M7.5,18h33\" transform=\"translate(-23 -5.5)\" fill=\"none\" stroke=\"#171717\" stroke-linecap=\"round\" stroke-linejoin=\"round\" stroke-width=\"2\"\/>\n    <path id=\"Tracciato_347\" data-name=\"Tracciato 347\" d=\"M18,7.5l5,5-5,5\" transform=\"translate(-5.5 0)\" fill=\"none\" stroke=\"#171717\" stroke-linecap=\"round\" stroke-linejoin=\"round\" stroke-width=\"2\"\/>\n  <\/g>\n<\/svg>\n\n    <\/span>\n  <\/a>\n          <\/div>\n              <\/div>\n\n    <\/div>\n  <\/div>\n<\/article>\n              <\/div>\n                                        <div class=\"swiper-slide !h-auto\">\n                <article class=\"card --testimonials h-full testimonials \">\n      <a href=\"https:\/\/www.upra.org\/es\/testimonials\/leslie-chayeb-de-la-ciencia-religiosa-al-desarrollo-del-acompanamiento-personal-a-traves-de-la-formacion-en-la-verdadera-libertad\/\" target=\"_self\"  title=\"Leslie Chayeb, de la Ciencia Religiosa al desarrollo del \u2026\" ><\/a>\n    <div class=\"card__inner flex flex-col h-full\">\n    <div class=\"card__visual relative basis-1\/3\">\n              <div>\n          <div\n  class=\"image bg-cover  --is-png \"\n   data-defer >\n  <figure>\n    <div class=\"image__wrapper\">\n              <picture>\n          \n          <source\n            srcset=\"\"\n            sizes=\"(min-width: 992px) 740px, (min-width: 768px) 680px, 100vw\"\n          \/>\n          <img decoding=\"async\" src=\"https:\/\/www.upra.org\/app\/uploads\/sites\/5\/2024\/11\/Foto-Leslie-Chayeb.png\" width=\"\" height=\"\" alt=\"Foto Leslie Chayeb\">\n        <\/picture>\n          <\/div>\n      <\/figure>\n<\/div>\n        <\/div>\n          <\/div>\n    <div class=\"card__content basis-2\/3 data-def\">\n      <div class=\"pl-14 md:pl-20 pr-20 pt-5 md:pt-10\">\n        <div class=\"date pb-5\">\n  <p class=\"date s14 text-primary\">\n        22 noviembre 2024\n      <\/p>\n<\/div>\n                  <h3 class=\"card__title font-medium font-500\">Leslie Chayeb, de la Ciencia Religiosa al desarrollo del \u2026<\/h3>\n                        \n                  <div class=\"mt-10\">\n            <a href=https:\/\/www.upra.org\/es\/testimonials\/leslie-chayeb-de-la-ciencia-religiosa-al-desarrollo-del-acompanamiento-personal-a-traves-de-la-formacion-en-la-verdadera-libertad\/   title=\"Leer su historia\"  class=\"button   \">\n    <span class=\"button__label\">Leer su historia<\/span>\n      <span class=\"button__icon icon-arrow\">\n      <svg xmlns=\"http:\/\/www.w3.org\/2000\/svg\" width=\"35\" height=\"12.828\" viewBox=\"0 0 35 12.828\">\n  <g id=\"Icon_feather-arrow-right\" data-name=\"Icon feather-arrow-right\" transform=\"translate(16.5 -6.086)\">\n    <path id=\"Tracciato_346\" data-name=\"Tracciato 346\" d=\"M7.5,18h33\" transform=\"translate(-23 -5.5)\" fill=\"none\" stroke=\"#171717\" stroke-linecap=\"round\" stroke-linejoin=\"round\" stroke-width=\"2\"\/>\n    <path id=\"Tracciato_347\" data-name=\"Tracciato 347\" d=\"M18,7.5l5,5-5,5\" transform=\"translate(-5.5 0)\" fill=\"none\" stroke=\"#171717\" stroke-linecap=\"round\" stroke-linejoin=\"round\" stroke-width=\"2\"\/>\n  <\/g>\n<\/svg>\n\n    <\/span>\n  <\/a>\n          <\/div>\n              <\/div>\n\n    <\/div>\n  <\/div>\n<\/article>\n              <\/div>\n                                        <div class=\"swiper-slide !h-auto\">\n                <article class=\"card --testimonials h-full testimonials \">\n      <a href=\"https:\/\/www.upra.org\/es\/testimonials\/sueno-formacion-y-apostolado-un-testimonio-de-vida-consagrada-y-liderazgo-multicultural-de-guadalupe-del-toro\/\" target=\"_self\"  title=\"Sue\u00f1o, Formaci\u00f3n y Apostolado: Un testimonio de vida \u2026\" ><\/a>\n    <div class=\"card__inner flex flex-col h-full\">\n    <div class=\"card__visual relative basis-1\/3\">\n              <div>\n          <div\n  class=\"image bg-cover  --is-jpg \"\n   data-defer >\n  <figure>\n    <div class=\"image__wrapper\">\n              <picture>\n          \n          <source\n            srcset=\"\"\n            sizes=\"(min-width: 992px) 740px, (min-width: 768px) 680px, 100vw\"\n          \/>\n          <img decoding=\"async\" src=\"https:\/\/www.upra.org\/app\/uploads\/sites\/5\/2024\/04\/Guadalupe-del-Toro-foto-3X2.jpg\" width=\"\" height=\"\" alt=\"Guadalupe del Toro foto 3X2\">\n        <\/picture>\n          <\/div>\n      <\/figure>\n<\/div>\n        <\/div>\n          <\/div>\n    <div class=\"card__content basis-2\/3 data-def\">\n      <div class=\"pl-14 md:pl-20 pr-20 pt-5 md:pt-10\">\n        <div class=\"date pb-5\">\n  <p class=\"date s14 text-primary\">\n        09 abril 2024\n      <\/p>\n<\/div>\n                  <h3 class=\"card__title font-medium font-500\">Sue\u00f1o, Formaci\u00f3n y Apostolado: Un testimonio de vida \u2026<\/h3>\n                        \n                  <div class=\"mt-10\">\n            <a href=https:\/\/www.upra.org\/es\/testimonials\/sueno-formacion-y-apostolado-un-testimonio-de-vida-consagrada-y-liderazgo-multicultural-de-guadalupe-del-toro\/   title=\"Leer su historia\"  class=\"button   \">\n    <span class=\"button__label\">Leer su historia<\/span>\n      <span class=\"button__icon icon-arrow\">\n      <svg xmlns=\"http:\/\/www.w3.org\/2000\/svg\" width=\"35\" height=\"12.828\" viewBox=\"0 0 35 12.828\">\n  <g id=\"Icon_feather-arrow-right\" data-name=\"Icon feather-arrow-right\" transform=\"translate(16.5 -6.086)\">\n    <path id=\"Tracciato_346\" data-name=\"Tracciato 346\" d=\"M7.5,18h33\" transform=\"translate(-23 -5.5)\" fill=\"none\" stroke=\"#171717\" stroke-linecap=\"round\" stroke-linejoin=\"round\" stroke-width=\"2\"\/>\n    <path id=\"Tracciato_347\" data-name=\"Tracciato 347\" d=\"M18,7.5l5,5-5,5\" transform=\"translate(-5.5 0)\" fill=\"none\" stroke=\"#171717\" stroke-linecap=\"round\" stroke-linejoin=\"round\" stroke-width=\"2\"\/>\n  <\/g>\n<\/svg>\n\n    <\/span>\n  <\/a>\n          <\/div>\n              <\/div>\n\n    <\/div>\n  <\/div>\n<\/article>\n              <\/div>\n                      <\/div>\n\n        <\/div>\n\n      <\/div>\n      <\/div>\n\n  <\/section>\n\n\n<section class=\"block  cta-banner full-width\" \n            >\n\n      <div class=\"cta-banner__content  content-center pt-60 md:pt-80 pb-60 md:pb-80\" id=\"\" style=\"background-color: #f2f3f5\">\n    <div class=\"container px-20 md:px-0\">\n      <div>\n                            <h2 class=\"py-20 s50 font-500 text-primary text-center md:text-left\">\u00bfT\u00fa tambi\u00e9n quieres que se oiga tu voz? <\/h2>\n                      <\/div>\n      <div>\n                          <a href=mailto:alumni@upra.org   title=\"Env\u00edanos tu testimonio\"  class=\"button --button-border mb-20  \">\n    <span class=\"button__label\">Env\u00edanos tu testimonio<\/span>\n      <span class=\"button__icon icon icon-arrow-right\">\n      <span class=\"lnr lnr-arrow-right\"><\/span>\n\n    <\/span>\n  <\/a>\n                \n        \n              <\/div>\n    <\/div>\n\n  <\/div>\n\n  <\/section>\n\n\n<section class=\"block  cta-banner full-width\" \n            >\n\n      <div class=\"cta-banner__content text-white content-center pt-60 md:pt-80 pb-60 md:pb-80\" id=\"\" style=\"background-color: #003da5\">\n    <div class=\"container px-20 md:px-0\">\n      <div>\n                            <h2 class=\"py-20 s50 font-500 text-primary text-center md:text-left\">Juntos perseguimos nuestra Misi\u00f3n<\/h2>\n                          <p class=\"pb-20 md:px-0\"><p>Queremos seguir invirtiendo en j\u00f3venes que lo merezcan y darles la oportunidad de realizarse. Contigo a nuestro lado, podemos hacer mucho m\u00e1s.<\/p>\n<\/p>\n              <\/div>\n      <div>\n                          <a href=https:\/\/www.upra.org\/es\/fundraising\/   title=\"Ap\u00f3yanos\"  class=\"button --button-border mb-20 --white  \">\n    <span class=\"button__label\">Ap\u00f3yanos<\/span>\n      <span class=\"button__icon icon icon-heart\">\n      <span class=\"lnr lnr-heart\"><\/span>\n\n    <\/span>\n  <\/a>\n                \n        \n              <\/div>\n    <\/div>\n\n  <\/div>\n\n  <\/section>\n\n\n<section class=\"block  cta-with-media full-width\" \n            >\n\n      <div class=\"cta-with-media__content  template-media-sx py-60 md:py-80\" id=\"\" style=\"background-color: #f2f3f5\">\n\n    <div class=\"container\">\n      \n        <div class=\"flex flex-col gap-40 md:gap-50 lg:gap-100 md:flex-row\n        md:items-center\">\n\n          <div class=\"flex-1\">\n            <div class=\"media\" style=\"--bg-color-var: #f2f3f5\">\n              <div\n  class=\"image bg-cover  --is-png \"\n   data-defer >\n  <figure>\n    <div class=\"image__wrapper\">\n              <picture>\n          \n          <source\n            srcset=\"\"\n            sizes=\"(min-width: 992px) 808px, (min-width: 768px) 680px, 100vw\"\n          \/>\n          <img decoding=\"async\" src=\"https:\/\/www.upra.org\/app\/uploads\/sites\/5\/2023\/09\/Senza-titolo-1-1.png\" width=\"\" height=\"\" alt=\"Senza titolo-1\">\n        <\/picture>\n          <\/div>\n      <\/figure>\n<\/div>\n\n                          <\/div>\n          <\/div>\n\n          <div class=\"flex-1\">\n                                      <h2 class=\"font-500 text-primary mb-20 s40\">Nuestras redes sociales<\/h2>\n                                <p class=\"!mb-40\"><p>Si has sido uno de nuestros alumnos y quieres ponerte en contacto con la Comunidad, tambi\u00e9n puedes hacerlo a trav\u00e9s de las redes sociales.<br \/>\nExiste un <strong>grupo de Facebook<\/strong> para antiguos alumnos del APRA al que puedes solicitar unirte.<\/p>\n<\/p>\n                                          <a href=https:\/\/www.facebook.com\/groups\/AlumniAPRA   title=\"Entra en el grupo\"  class=\"button --button-border  \">\n    <span class=\"button__label\">Entra en el grupo<\/span>\n      <span class=\"button__icon icon icon-arrow-right\">\n      <span class=\"lnr lnr-arrow-right\"><\/span>\n\n    <\/span>\n  <\/a>\n                  <\/div>\n      <\/div>\n\n    <\/div>\n\n  <\/div>\n\n  <\/section>\n\n\n<section class=\"block  cta-banner full-width\" \n            >\n\n      <div class=\"cta-banner__content  content-center pt-60 md:pt-80 pb-60 md:pb-80\" id=\"\" style=\"\">\n    <div class=\"container px-20 md:px-0\">\n      <div>\n                            <h2 class=\"py-20 s50 font-500 text-primary text-center md:text-left\">El bolet\u00edn<\/h2>\n                          <p class=\"pb-20 md:px-0\"><p>Si quieres estar siempre al d\u00eda sobre la Comunidad, nuestro <strong><em>Bolet\u00edn de Antiguos Alumnos<\/em><\/strong> est\u00e1 a tu disposici\u00f3n todos los meses para informarte de las iniciativas y eventos m\u00e1s importantes. Si no lo recibes, si deseas actualizar tu correo electr\u00f3nico o para solicitar informaci\u00f3n sobre cualquier otro aspecto, ponte en contacto con nosotros.<\/p>\n<\/p>\n              <\/div>\n      <div>\n                          <a href=mailto:alumni@upra.org   title=\"Escr\u00edbenos\"  class=\"button --button-border mb-20  \">\n    <span class=\"button__label\">Escr\u00edbenos<\/span>\n      <span class=\"button__icon icon icon-arrow-right\">\n      <span class=\"lnr lnr-arrow-right\"><\/span>\n\n    <\/span>\n  <\/a>\n                \n        \n              <\/div>\n    <\/div>\n\n  <\/div>\n\n  <\/section>\n\n\n<section class=\"block  navigation-boxes full-width\" \n            >\n\n      <div class=\"navigation-boxes__content text-center pt-60 md:pt-80 pb-60 md:pb-80\" id=\"\" style=\"background-color: #f2f3f5\">\n\n    <div class=\"container\">\n                      <h2 class=\"font-500 text-primary mb-40 s40\">Lee algunos extractos<\/h2>\n      \n      \n              <div class=\"grid grid-cols-1 md:grid-cols-6 gap-16\">\n          \n                                  <article class=\"box p-30  --gray  col-span-2\">\n      <a class=\"box_link\" href=\"https:\/\/crgs-zcmp.campaign-view.eu\/ua\/SharedView?od=3zc845901aa4865ddeeaf8ac126c5b8710&amp;cno=11a2b0b1fbf1e19&amp;cd=1109ca06f3aea0ec&amp;m=0\" target=\"_blank\" rel=\"noopener\"><\/a>\n    \n      <h4 class=\"font-400 mb-16\"><p style=\"text-align: center\"><strong>Bolet<\/strong><strong>\u00edn digital Febrero 2024<\/strong><a href=\"https:\/\/crgs-zcmp.campaign-view.eu\/ua\/SharedView?od=3zc845901aa4865ddeeaf8ac126c5b8710&amp;cno=11a2b0b1fbf1e19&amp;cd=1109ca06f3aea0ec&amp;m=0\" target=\"_blank\" rel=\"noopener\"><img decoding=\"async\" class=\"alignnone size-medium wp-image-8469 aligncenter\" src=\"https:\/\/www.upra.org\/app\/uploads\/sites\/5\/2024\/03\/Screenshot-estratto-1-295x300.png\" alt=\"\" width=\"295\" height=\"300\" srcset=\"https:\/\/www.upra.org\/app\/uploads\/sites\/5\/2024\/03\/Screenshot-estratto-1-295x300.png 295w, https:\/\/www.upra.org\/app\/uploads\/sites\/5\/2024\/03\/Screenshot-estratto-1.png 535w\" sizes=\"(max-width: 295px) 100vw, 295px\" \/><\/a><\/p>\n<\/h4>\n  \n      <a href=https:\/\/crgs-zcmp.campaign-view.eu\/ua\/SharedView?od=3zc845901aa4865ddeeaf8ac126c5b8710&amp;cno=11a2b0b1fbf1e19&amp;cd=1109ca06f3aea0ec&amp;m=0  target=_blank  title=\"Leer extracto\"   rel=\"noopener noreferrer\" class=\"button font-500  \">\n    <span class=\"button__label\">Leer extracto<\/span>\n      <span class=\"button__icon icon-arrow\">\n      <svg xmlns=\"http:\/\/www.w3.org\/2000\/svg\" width=\"35\" height=\"12.828\" viewBox=\"0 0 35 12.828\">\n  <g id=\"Icon_feather-arrow-right\" data-name=\"Icon feather-arrow-right\" transform=\"translate(16.5 -6.086)\">\n    <path id=\"Tracciato_346\" data-name=\"Tracciato 346\" d=\"M7.5,18h33\" transform=\"translate(-23 -5.5)\" fill=\"none\" stroke=\"#171717\" stroke-linecap=\"round\" stroke-linejoin=\"round\" stroke-width=\"2\"\/>\n    <path id=\"Tracciato_347\" data-name=\"Tracciato 347\" d=\"M18,7.5l5,5-5,5\" transform=\"translate(-5.5 0)\" fill=\"none\" stroke=\"#171717\" stroke-linecap=\"round\" stroke-linejoin=\"round\" stroke-width=\"2\"\/>\n  <\/g>\n<\/svg>\n\n    <\/span>\n  <\/a>\n  \n  \n  \n<\/article>\n                                  <article class=\"box p-30  --gray  col-span-2\">\n      <a class=\"box_link\" href=\"https:\/\/shorturl.at\/sEMU4\" target=\"_self\" rel=\"noopener\"><\/a>\n    \n      <h4 class=\"font-400 mb-16\"><p style=\"text-align: center\"><strong>Saludo del Rector &#8211; Navidad 2023<\/strong><\/p>\n<p><img decoding=\"async\" class=\"size-medium wp-image-8471 aligncenter\" src=\"https:\/\/www.upra.org\/app\/uploads\/sites\/5\/2024\/03\/Screenshot-estratto-2-184x300.png\" alt=\"\" width=\"184\" height=\"300\" srcset=\"https:\/\/www.upra.org\/app\/uploads\/sites\/5\/2024\/03\/Screenshot-estratto-2-184x300.png 184w, https:\/\/www.upra.org\/app\/uploads\/sites\/5\/2024\/03\/Screenshot-estratto-2.png 378w\" sizes=\"(max-width: 184px) 100vw, 184px\" \/><\/p>\n<\/h4>\n  \n      <a href=https:\/\/shorturl.at\/sEMU4   title=\"Leer extracto\"  class=\"button font-500  \">\n    <span class=\"button__label\">Leer extracto<\/span>\n      <span class=\"button__icon icon-arrow\">\n      <svg xmlns=\"http:\/\/www.w3.org\/2000\/svg\" width=\"35\" height=\"12.828\" viewBox=\"0 0 35 12.828\">\n  <g id=\"Icon_feather-arrow-right\" data-name=\"Icon feather-arrow-right\" transform=\"translate(16.5 -6.086)\">\n    <path id=\"Tracciato_346\" data-name=\"Tracciato 346\" d=\"M7.5,18h33\" transform=\"translate(-23 -5.5)\" fill=\"none\" stroke=\"#171717\" stroke-linecap=\"round\" stroke-linejoin=\"round\" stroke-width=\"2\"\/>\n    <path id=\"Tracciato_347\" data-name=\"Tracciato 347\" d=\"M18,7.5l5,5-5,5\" transform=\"translate(-5.5 0)\" fill=\"none\" stroke=\"#171717\" stroke-linecap=\"round\" stroke-linejoin=\"round\" stroke-width=\"2\"\/>\n  <\/g>\n<\/svg>\n\n    <\/span>\n  <\/a>\n  \n  \n  \n<\/article>\n                                  <article class=\"box p-30  --gray  col-span-2\">\n      <a class=\"box_link\" href=\"#\" target=\"_self\"><\/a>\n    \n      <h4 class=\"font-400 mb-16\"><p style=\"text-align: center\"><strong>Bolet\u00edn digital Diciembre 2023<\/strong><\/p>\n<p><img decoding=\"async\" class=\"alignnone size-medium wp-image-8477 aligncenter\" src=\"https:\/\/www.upra.org\/app\/uploads\/sites\/5\/2024\/03\/Screenshot-estratto-3-221x300.png\" alt=\"\" width=\"221\" height=\"300\" srcset=\"https:\/\/www.upra.org\/app\/uploads\/sites\/5\/2024\/03\/Screenshot-estratto-3-221x300.png 221w, https:\/\/www.upra.org\/app\/uploads\/sites\/5\/2024\/03\/Screenshot-estratto-3.png 535w\" sizes=\"(max-width: 221px) 100vw, 221px\" \/><\/p>\n<\/h4>\n  \n      <a href=#   title=\"Leer extracto\"  class=\"button font-500  \">\n    <span class=\"button__label\">Leer extracto<\/span>\n      <span class=\"button__icon icon-arrow\">\n      <svg xmlns=\"http:\/\/www.w3.org\/2000\/svg\" width=\"35\" height=\"12.828\" viewBox=\"0 0 35 12.828\">\n  <g id=\"Icon_feather-arrow-right\" data-name=\"Icon feather-arrow-right\" transform=\"translate(16.5 -6.086)\">\n    <path id=\"Tracciato_346\" data-name=\"Tracciato 346\" d=\"M7.5,18h33\" transform=\"translate(-23 -5.5)\" fill=\"none\" stroke=\"#171717\" stroke-linecap=\"round\" stroke-linejoin=\"round\" stroke-width=\"2\"\/>\n    <path id=\"Tracciato_347\" data-name=\"Tracciato 347\" d=\"M18,7.5l5,5-5,5\" transform=\"translate(-5.5 0)\" fill=\"none\" stroke=\"#171717\" stroke-linecap=\"round\" stroke-linejoin=\"round\" stroke-width=\"2\"\/>\n  <\/g>\n<\/svg>\n\n    <\/span>\n  <\/a>\n  \n  \n  \n<\/article>\n                  <\/div>\n      \n          <\/div>\n\n  <\/div>\n\n  <\/section>\n\n\n","protected":false},"excerpt":{"rendered":"","protected":false},"author":3,"featured_media":0,"parent":769,"menu_order":0,"comment_status":"closed","ping_status":"closed","template":"","meta":{"_acf_changed":false,"footnotes":""},"class_list":["post-1019","page","type-page","status-publish","hentry"],"acf":[],"_links":{"self":[{"href":"https:\/\/www.upra.org\/es\/wp-json\/wp\/v2\/pages\/1019","targetHints":{"allow":["GET"]}}],"collection":[{"href":"https:\/\/www.upra.org\/es\/wp-json\/wp\/v2\/pages"}],"about":[{"href":"https:\/\/www.upra.org\/es\/wp-json\/wp\/v2\/types\/page"}],"author":[{"embeddable":true,"href":"https:\/\/www.upra.org\/es\/wp-json\/wp\/v2\/users\/3"}],"replies":[{"embeddable":true,"href":"https:\/\/www.upra.org\/es\/wp-json\/wp\/v2\/comments?post=1019"}],"version-history":[{"count":104,"href":"https:\/\/www.upra.org\/es\/wp-json\/wp\/v2\/pages\/1019\/revisions"}],"predecessor-version":[{"id":8650,"href":"https:\/\/www.upra.org\/es\/wp-json\/wp\/v2\/pages\/1019\/revisions\/8650"}],"up":[{"embeddable":true,"href":"https:\/\/www.upra.org\/es\/wp-json\/wp\/v2\/pages\/769"}],"wp:attachment":[{"href":"https:\/\/www.upra.org\/es\/wp-json\/wp\/v2\/media?parent=1019"}],"curies":[{"name":"wp","href":"https:\/\/api.w.org\/{rel}","templated":true}]}}