{"id":778,"date":"2023-07-06T09:23:02","date_gmt":"2023-07-06T09:23:02","guid":{"rendered":"https:\/\/www.upra.org\/es\/?page_id=778"},"modified":"2024-10-16T12:38:51","modified_gmt":"2024-10-16T12:38:51","slug":"grupos-investigacion","status":"publish","type":"page","link":"https:\/\/www.upra.org\/es\/investigacion\/grupos-investigacion\/","title":{"rendered":"Grupos de investigaci\u00f3n"},"content":{"rendered":"<section class=\"block  cta-with-media full-width\" \n            >\n\n      <div class=\"cta-with-media__content  template-media-sx py-60 md:py-80\" id=\"\" style=\"\">\n\n    <div class=\"container\">\n      \n        <div class=\"flex flex-col gap-40 md:gap-50 lg:gap-100 md:flex-row\n        md:items-center\">\n\n          <div class=\"flex-1\">\n            <div class=\"media\" style=\"--bg-color-var: #FFFFFF\">\n              <div\n  class=\"image bg-cover  --is-webp \"\n   data-defer >\n  <figure>\n    <div class=\"image__wrapper\">\n              <picture>\n          \n          <source\n            srcset=\"\"\n            sizes=\"(min-width: 992px) 808px, (min-width: 768px) 680px, 100vw\"\n          \/>\n          <img decoding=\"async\" src=\"https:\/\/www.upra.org\/app\/uploads\/sites\/5\/2024\/01\/0010_Gruppi-Ricerca-1.webp\" width=\"\" height=\"\" alt=\"0010_Gruppi-Ricerca (1)\">\n        <\/picture>\n          <\/div>\n      <\/figure>\n<\/div>\n\n                          <\/div>\n          <\/div>\n\n          <div class=\"flex-1\">\n                                  <p class=\"!mb-40\"><p>Dentro de las actividades de conocimiento e intercambio de informaci\u00f3n que se generan en el Ateneo Pontificio Regina Apostolorum se encuentran tambi\u00e9n los grupos de investigaci\u00f3n. Estos grupos, interdisciplinares y abiertos a todos los interesados, tienen un enorme valor divulgativo para profundizar y mantener vivo el debate sobre temas de inter\u00e9s com\u00fan y de extrema actualidad, tratando de comprender las complejidades del mundo globalizado en el que vivimos.<\/p>\n<\/p>\n                                      <\/div>\n      <\/div>\n\n    <\/div>\n\n  <\/div>\n\n  <\/section>\n\n\n<section class=\"block  navigation-with-slider-cards full-width\" \n            >\n\n      <div class=\"navigation-with-slider-cards__content relative navigation-cards pb-60 md:pb-80 pt-60 md:pt-80\" id=\"\" style=\"\">\n    <div class=\"container flex flex-row justify-between items-end gap-0 md:gap-45\">\n                <\/div>\n          <div class=\"container\">\n        <div\n          class=\"slider slider-disabled \"\n          data-slider-config='{\n            \"slidesPerView\": 1,\n            \"spaceBetween\": 0,\n            \"navigation\": {\n              \"nextEl\": \".block.navigation-with-slider-cards .swiper-button-next\",\n              \"prevEl\": \".block.navigation-with-slider-cards .swiper-button-prev\"\n            },\n            \"autoplay\": false,\n            \"loop\": false,\n            \"breakpoints\": {\n              \"768\": {\n                \"slidesPerView\": 3,\n                \"spaceBetween\": 16\n              },\n              \"992\": {\n                \"slidesPerView\": 3,\n                \"spaceBetween\": 16\n              }\n            }\n          }'\n          >\n          <div class=\"swiper-wrapper z-10 relative mt-40\">\n                                        <div class=\"swiper-slide pl-0 pr-0\">\n                <article class=\"card-slide --navigation-cards navigation-cards  \" style=\"background-color: #f2f3f5\">\n\n\n\n  <div class=\"card-slide__inner h-full flex flex-col justify-between \">\n    \n    <div class=\"card-slide__content h-full data-def basis-3\/3 noImage\">\n      <div class=\"pt-50 pr-20 pb-40 pl-20 md:pr-30 md:pl-30 h-full flex flex-col justify-between\">\n\n        \n        <div class=\"!mb-0\">\n                      <h3 class=\"card-slide__title text-primary s30 font-500 pb-16\">Multiculturalismo, Bio\u00e9tica Y Religiones<\/h3>\n                                <div class=\"card-slide__text font-normal font-400\"><p>El grupo trabaja para promover la convergencia y la cooperaci\u00f3n con un enfoque compartido entre expertos en bio\u00e9tica de diferentes culturas y religiones del mundo.<\/p>\n<\/div>\n          \n                            <\/div>\n\n                  <div><\/div>\n              <\/div>\n    <\/div>\n\n    \n  <\/div>\n<\/article>\n              <\/div>\n                                        <div class=\"swiper-slide pl-0 pr-0\">\n                <article class=\"card-slide --navigation-cards navigation-cards  \" style=\"background-color: #f2f3f5\">\n\n\n\n  <div class=\"card-slide__inner h-full flex flex-col justify-between \">\n    \n    <div class=\"card-slide__content h-full data-def basis-3\/3 noImage\">\n      <div class=\"pt-50 pr-20 pb-40 pl-20 md:pr-30 md:pl-30 h-full flex flex-col justify-between\">\n\n        \n        <div class=\"!mb-0\">\n                      <h3 class=\"card-slide__title text-primary s30 font-500 pb-16\">Biomedi@<\/h3>\n                                <div class=\"card-slide__text font-normal font-400\"><p>El grupo pretende analizar y explorar c\u00f3mo se abordan las cuestiones de bio\u00e9tica en el mundo de la comunicaci\u00f3n y la informaci\u00f3n.<\/p>\n<\/div>\n          \n                            <\/div>\n\n                  <div><\/div>\n              <\/div>\n    <\/div>\n\n    \n  <\/div>\n<\/article>\n              <\/div>\n                                        <div class=\"swiper-slide pl-0 pr-0\">\n                <article class=\"card-slide --navigation-cards navigation-cards  \" style=\"background-color: #f2f3f5\">\n\n\n\n  <div class=\"card-slide__inner h-full flex flex-col justify-between \">\n    \n    <div class=\"card-slide__content h-full data-def basis-3\/3 noImage\">\n      <div class=\"pt-50 pr-20 pb-40 pl-20 md:pr-30 md:pl-30 h-full flex flex-col justify-between\">\n\n        \n        <div class=\"!mb-0\">\n                      <h3 class=\"card-slide__title text-primary s30 font-500 pb-16\">Ser Hombre, Ser Mujer<\/h3>\n                                <div class=\"card-slide__text font-normal font-400\"><p>El grupo de investigaci\u00f3n del Instituto de Estudios Avanzados sobre la Mujer aborda cuestiones contempor\u00e1neas que afectan al ser humano con un enfoque interdisciplinario.<\/p>\n<\/div>\n          \n                            <\/div>\n\n                  <div><\/div>\n              <\/div>\n    <\/div>\n\n    \n  <\/div>\n<\/article>\n              <\/div>\n                                        <div class=\"swiper-slide pl-0 pr-0\">\n                <article class=\"card-slide --navigation-cards navigation-cards  \" style=\"background-color: #f2f3f5\">\n\n\n\n  <div class=\"card-slide__inner h-full flex flex-col justify-between \">\n    \n    <div class=\"card-slide__content h-full data-def basis-3\/3 noImage\">\n      <div class=\"pt-50 pr-20 pb-40 pl-20 md:pr-30 md:pl-30 h-full flex flex-col justify-between\">\n\n        \n        <div class=\"!mb-0\">\n                      <h3 class=\"card-slide__title text-primary s30 font-500 pb-16\">Value@Work<\/h3>\n                                <div class=\"card-slide__text font-normal font-400\"><p>El grupo pretende compartir experiencias y actividades para la reorganizaci\u00f3n de los valores en el mundo del trabajo, situando el capital humano en el centro.<\/p>\n<\/div>\n          \n                            <\/div>\n\n                  <div><\/div>\n              <\/div>\n    <\/div>\n\n    \n  <\/div>\n<\/article>\n              <\/div>\n                      <\/div>\n\n        <\/div>\n\n      <\/div>\n    \n    \n\n  <\/div>\n\n  <\/section>\n","protected":false},"excerpt":{"rendered":"","protected":false},"author":3,"featured_media":0,"parent":767,"menu_order":0,"comment_status":"closed","ping_status":"closed","template":"","meta":{"_acf_changed":false,"footnotes":""},"class_list":["post-778","page","type-page","status-publish","hentry"],"acf":[],"_links":{"self":[{"href":"https:\/\/www.upra.org\/es\/wp-json\/wp\/v2\/pages\/778","targetHints":{"allow":["GET"]}}],"collection":[{"href":"https:\/\/www.upra.org\/es\/wp-json\/wp\/v2\/pages"}],"about":[{"href":"https:\/\/www.upra.org\/es\/wp-json\/wp\/v2\/types\/page"}],"author":[{"embeddable":true,"href":"https:\/\/www.upra.org\/es\/wp-json\/wp\/v2\/users\/3"}],"replies":[{"embeddable":true,"href":"https:\/\/www.upra.org\/es\/wp-json\/wp\/v2\/comments?post=778"}],"version-history":[{"count":17,"href":"https:\/\/www.upra.org\/es\/wp-json\/wp\/v2\/pages\/778\/revisions"}],"predecessor-version":[{"id":9608,"href":"https:\/\/www.upra.org\/es\/wp-json\/wp\/v2\/pages\/778\/revisions\/9608"}],"up":[{"embeddable":true,"href":"https:\/\/www.upra.org\/es\/wp-json\/wp\/v2\/pages\/767"}],"wp:attachment":[{"href":"https:\/\/www.upra.org\/es\/wp-json\/wp\/v2\/media?parent=778"}],"curies":[{"name":"wp","href":"https:\/\/api.w.org\/{rel}","templated":true}]}}